{"id":10858,"date":"2023-10-23T12:29:27","date_gmt":"2023-10-23T11:29:27","guid":{"rendered":"https:\/\/vejerproperties.com\/property\/finca-el-soto-potencial-proyecto-turistico\/"},"modified":"2023-12-09T17:49:19","modified_gmt":"2023-12-09T17:49:19","slug":"finca-el-soto-potencial-proyecto-turistico","status":"publish","type":"property","link":"https:\/\/vejerproperties.com\/es\/property\/finca-el-soto-potencial-proyecto-turistico\/","title":{"rendered":"Finca El Soto &#8211; Potencial proyecto tur\u00edstico"},"content":{"rendered":"<p><strong>Finca El Soto<\/strong><\/p>\n<p>Ubicado entre Vejer de la Frontera y Barbate, cerca de Montenmedio.<\/p>\n<p>Finca \u00fanica con espaciosa casa principal, 4 casas de invitados y piscina privada, en ubicaci\u00f3n privilegiada detr\u00e1s de Montenmedio Golf &amp; Country Club, sede del evento ecuestre internacional anual, Sunshine Tour.<\/p>\n<p>Cerca de las playas v\u00edrgenes de la Costa de la Luz y a un corto trayecto de las ciudades de C\u00e1diz, Sevilla y Jerez, de gran riqueza cultural, y de la popular capital europea del surf, Tarifa.<\/p>\n<p>Esta Finca privada se encuentra en el peque\u00f1o pueblo de El Soto cerca de Dehesa Montenmedio, el centro de golf, h\u00edpica y arte contempor\u00e1neo. El Soto se encuentra entre el pueblo blanco de Vejer y el pueblo atunero de Barbate. Desde la Finca se puede disfrutar de vistas panor\u00e1micas hacia Vejer y a la reserva natural Marismas de Barbate.<\/p>\n<p>Parcela aprox. 5.800m2 incluyendo dos grandes jardines privados, una piscina de 9 x 4 m con ducha exterior, aparcamiento para unos seis coches, m\u00e1s 200m2+ de terrazas.<\/p>\n<p>Superficie construida aprox. 400m2.<\/p>\n<p>La Casa Principal aprox. 190 m2 m\u00e1s terraza y jardines<br \/>\nAmplio vest\u00edbulo de entrada<br \/>\nEspacio de almacenamiento y lavander\u00eda<br \/>\nSal\u00f3n\/sala de estar de aprox. 40 m2<br \/>\nGrandes ventanas Climalit<br \/>\nEstufa de le\u00f1a<br \/>\nCocina-comedor abierta, de 30m2 con salida a terraza.<br \/>\nAmplio vest\u00edbulo que conduce a los dormitorios y al aseo de invitados.<br \/>\nDormitorio principal, 30m2 con vestidor. Posibilidad de a\u00f1adir ba\u00f1o en suite si es necesario.<br \/>\nDormitorio 2, 30m2 con ba\u00f1o familiar en suite y entrada privada si es necesario.<br \/>\nDormitorio 3, 12m2, Dormitorio 4, 10 m2, Dormitorio 5, 10m2 con puerta a terraza y jard\u00edn. Los jardines de la casa principal son privados y constan de una zona de terraza, jard\u00edn y campo. El campo lo utiliza actualmente un agricultor local que cultiva frutas y hortalizas de temporada. Es posible a\u00f1adir una piscina privada para la casa principal si es necesario.<br \/>\nTel\u00e9fono, conexiones de TV, Internet, Wi-Fi, electricidad de red, agua de red, conexiones de gas certificadas y fosa s\u00e9ptica. La casa principal se beneficia de una capa de espuma aislante especial alrededor de toda la casa y el tejado, que mantiene la casa caliente en invierno y fresca en verano. Los dormitorios se calientan con paneles ecocalefactores importados de Sud\u00e1frica para reducir el consumo de electricidad.<\/p>\n<p>Alojamiento para hu\u00e9spedes<\/p>\n<p>Hay cuatro casas de hu\u00e9spedes individuales situadas en un gran jard\u00edn privado, separado de la casa principal por un alto muro, al que se accede a trav\u00e9s de una amplia verja. Se distribuyen alrededor de una piscina privada de 9 x 4 m con amplias terrazas y zonas de chill &amp; relax. Todas las casas de hu\u00e9spedes tienen aislamiento especial en el techo y puntos de acceso a Internet adsl lan. Las paredes est\u00e1n construidas con gruesos ladrillos &#8220;termoarcilla&#8221; con bolsas de aire. Los cimientos est\u00e1n impermeabilizados. Las ventanas y puertas de patio tienen doble acristalamiento.<br \/>\nLa calefacci\u00f3n es a trav\u00e9s de modernos paneles de ecocalor y\/o estufas de le\u00f1a en la casa principal y las casas de invitados.<\/p>\n<p>Casa de hu\u00e9spedes 1 &#8211; 48m2<br \/>\nSala de estar, comedor y cocina de planta abierta. Dos dormitorios con armarios empotrados. Cuarto de ba\u00f1o con gran ducha de mosaico, lavabo y WC. Amplia terraza con p\u00e9rgola y zona de barbacoa.<\/p>\n<p>Casa de hu\u00e9spedes 2 &#8211; 30 m2<br \/>\nSala de estar, comedor y cocina de planta abierta. Dormitorio con armario empotrado. Cuarto de ba\u00f1o con ducha, lavabo y WC. Amplia terraza con p\u00e9rgola y zona de barbacoa.<\/p>\n<p>Casa de hu\u00e9spedes 3 &#8211; 30m2<br \/>\nSala de estar, comedor y cocina de planta abierta. Dormitorio con armario empotrado. Cuarto de ba\u00f1o con ducha, lavabo y WC. Amplia terraza con p\u00e9rgola y zona de barbacoa.<\/p>\n<p>Casa de hu\u00e9spedes 4 &#8211; 55m2<br \/>\nSala de estar, comedor y cocina de planta abierta. Dos dormitorios con armarios empotrados. Cuarto de ba\u00f1o con gran ducha de mosaico, lavabo y WC. Terraza con p\u00e9rgola y zona de barbacoa.<\/p>\n<p>La calefacci\u00f3n es mediante modernos paneles ecot\u00e9rmicos importados de Sud\u00e1frica y\/o estufas de le\u00f1a en la casa principal y las casas de invitados.<\/p>\n<p>La Finca est\u00e1 conectada a la red de agua, red el\u00e9ctrica, tel\u00e9fono, tiene conexi\u00f3n a Internet ADSL. Las casas de hu\u00e9spedes disponen de puntos de acceso a Internet LAN. La propiedad tambi\u00e9n tiene su propio pozo. El agua caliente y la cocina se hacen actualmente con bombonas de gas. Televisi\u00f3n por sat\u00e9lite.<br \/>\nHay un enorme margen para el comprador para mejorar la propiedad a su propio estilo y est\u00e1ndar.<\/p>\n<p>Dependencias<br \/>\nDos dependencias ofrecen trastero y un taller. Ambos podr\u00edan convertirse en otro alojamiento si fuera necesario.<\/p>\n<p>La Finca har\u00eda una fant\u00e1stica familia o casa de vacaciones con excelente alojamiento para los visitantes y \/ o un peque\u00f1o negocio. La propiedad tambi\u00e9n puede utilizarse como refugio vacacional durante todo el a\u00f1o.<\/p>\n","protected":false},"excerpt":{"rendered":"<p>Finca El Soto Ubicado entre Vejer de la Frontera y Barbate, cerca de Montenmedio. Finca \u00fanica con espaciosa casa principal, 4 casas de invitados y piscina privada, en ubicaci\u00f3n privilegiada detr\u00e1s de Montenmedio Golf &amp; Country Club, sede del evento ecuestre internacional anual, Sunshine Tour. Cerca de las playas v\u00edrgenes de la Costa de la [&hellip;]<\/p>\n","protected":false},"author":2,"featured_media":11743,"parent":0,"menu_order":0,"template":"","property_type":[237],"property_status":[258],"property_feature":[224,222,171,228],"property_label":[],"property_country":[213],"property_state":[220],"property_city":[177],"property_area":[221],"class_list":["post-10858","property","type-property","status-publish","has-post-thumbnail","hentry","property_type-finca-es","property_status-vendido","property_feature-aparcamiento-en-la-calle","property_feature-jardin","property_feature-patio-es","property_feature-piscina","property_country-spain-es","property_state-cadiz-es","property_city-vejer-de-la-frontera-es","property_area-campo-vejer-de-la-frontera"],"property_meta":{"houzez_featured_listing_date":[""],"_wpml_media_duplicate":["0"],"_wpml_media_featured":["0"],"_top_nav_excluded":[""],"_cms_nav_minihome":[""],"houzez_geolocation_lat":["36.2357247"],"houzez_geolocation_long":["-5.9272931"],"_wpml_word_count":["{\"total\":851,\"to_translate\":{\"en\":851}}"],"houzez_total_property_views":["1334"],"houzez_views_by_date":["a:61:{s:10:\"01-24-2026\";i:1;s:10:\"01-25-2026\";i:1;s:10:\"01-26-2026\";i:1;s:10:\"01-27-2026\";i:2;s:10:\"01-28-2026\";i:1;s:10:\"01-29-2026\";i:1;s:10:\"01-30-2026\";i:2;s:10:\"01-31-2026\";i:1;s:10:\"02-02-2026\";i:1;s:10:\"02-03-2026\";i:1;s:10:\"02-04-2026\";i:2;s:10:\"02-05-2026\";i:1;s:10:\"02-06-2026\";i:2;s:10:\"02-07-2026\";i:1;s:10:\"02-08-2026\";i:1;s:10:\"02-09-2026\";i:1;s:10:\"02-10-2026\";i:2;s:10:\"02-12-2026\";i:1;s:10:\"02-16-2026\";i:1;s:10:\"02-17-2026\";i:2;s:10:\"02-18-2026\";i:1;s:10:\"02-19-2026\";i:1;s:10:\"02-20-2026\";i:1;s:10:\"02-21-2026\";i:2;s:10:\"02-25-2026\";i:1;s:10:\"02-26-2026\";i:1;s:10:\"02-27-2026\";i:3;s:10:\"03-02-2026\";i:1;s:10:\"03-04-2026\";i:1;s:10:\"03-05-2026\";i:1;s:10:\"03-12-2026\";i:1;s:10:\"03-13-2026\";i:1;s:10:\"03-14-2026\";i:1;s:10:\"03-16-2026\";i:1;s:10:\"03-17-2026\";i:1;s:10:\"03-18-2026\";i:1;s:10:\"03-19-2026\";i:1;s:10:\"03-20-2026\";i:1;s:10:\"03-22-2026\";i:1;s:10:\"03-25-2026\";i:1;s:10:\"03-26-2026\";i:1;s:10:\"03-28-2026\";i:1;s:10:\"03-30-2026\";i:1;s:10:\"03-31-2026\";i:2;s:10:\"04-01-2026\";i:1;s:10:\"04-02-2026\";i:1;s:10:\"04-05-2026\";i:1;s:10:\"04-06-2026\";i:1;s:10:\"04-09-2026\";i:1;s:10:\"04-10-2026\";i:1;s:10:\"04-13-2026\";i:1;s:10:\"04-14-2026\";i:1;s:10:\"04-15-2026\";i:1;s:10:\"04-17-2026\";i:1;s:10:\"04-18-2026\";i:1;s:10:\"04-21-2026\";i:1;s:10:\"04-22-2026\";i:1;s:10:\"04-23-2026\";i:1;s:10:\"04-25-2026\";i:3;s:10:\"04-28-2026\";i:1;s:10:\"04-29-2026\";i:2;}"],"houzez_recently_viewed":["2026-04-29 12:12:46"],"_last_translation_edit_mode":["translation-editor"],"_edit_lock":["1728637987:2"],"_edit_last":["1"],"_thumbnail_id":["11743"],"_monsterinsights_sitenote_active":["0"],"houzez_manual_expire":["0"],"_houzez_expiration_date_status":["saved"],"_yoast_wpseo_primary_property_type":[""],"_yoast_wpseo_primary_property_status":["258"],"_yoast_wpseo_primary_property_feature":[""],"_yoast_wpseo_primary_property_label":[""],"_yoast_wpseo_primary_property_country":[""],"_yoast_wpseo_primary_property_state":[""],"_yoast_wpseo_primary_property_city":[""],"_yoast_wpseo_primary_property_area":[""],"_yoast_wpseo_linkdex":["51"],"_yoast_wpseo_content_score":["60"],"_yoast_wpseo_estimated-reading-time-minutes":["4"],"_yoast_wpseo_wordproof_timestamp":[""],"fave_property_images":["4942","4943","4947","4948","4950","4956","4961","4966"],"fave_featured":["0"],"fave_single_top_area":["global"],"fave_single_content_area":["global"],"_yoast_wpseo_metadesc":["Finca \u00fanica con espaciosa casa principal, 4 casas de invitados y piscina privada en ubicaci\u00f3n privilegiada detr\u00e1s de Montenmedio Golf & Country Club."],"_yoast_wpseo_focuskw":["finca"],"fave_property_price":["489999"],"fave_property_size":["400"],"fave_property_size_prefix":["m\u00b2"],"fave_property_bedrooms":["9"],"fave_property_bathrooms":["6"],"fave_property_id":["37"],"fave_property_map":["1"],"fave_property_map_address":["Las Huertas de Soto, Barbate, La Janda, C\u00e1diz, Andaluc\u00eda, 11160, Espa\u00f1a"],"fave_property_map_street_view":["hide"],"fave_property_address":["Las Huertas de Soto, Barbate, La Janda, C\u00e1diz, Andaluc\u00eda, 11160, Espa\u00f1a"],"fave_property_zip":["11160"],"fave_property_country":["ES"],"fave_agent_display_option":["autor_info"],"fave_additional_features_enable":["enable"],"fave_floor_plans_enable":["disable"],"fave_property_land_postfix":["m\u00b2"],"fave_property_location":["36.2357247,-5.9272931,0"],"fave_property_land":["5700"],"_elementor_page_assets":["a:0:{}"]},"yoast_head":"<!-- This site is optimized with the Yoast SEO plugin v27.5 - https:\/\/yoast.com\/product\/yoast-seo-wordpress\/ -->\n<title>Finca El Soto - Potencial proyecto tur\u00edstico - De la Luz Properties<\/title>\n<meta name=\"description\" content=\"Finca \u00fanica con espaciosa casa principal, 4 casas de invitados y piscina privada en ubicaci\u00f3n privilegiada detr\u00e1s de Montenmedio Golf &amp; Country Club.\" \/>\n<meta name=\"robots\" content=\"index, follow, max-snippet:-1, max-image-preview:large, max-video-preview:-1\" \/>\n<link rel=\"canonical\" href=\"https:\/\/vejerproperties.com\/es\/property\/finca-el-soto-potencial-proyecto-turistico\/\" \/>\n<meta property=\"og:locale\" content=\"es_ES\" \/>\n<meta property=\"og:type\" content=\"article\" \/>\n<meta property=\"og:title\" content=\"Finca El Soto - Potencial proyecto tur\u00edstico - De la Luz Properties\" \/>\n<meta property=\"og:description\" content=\"Finca \u00fanica con espaciosa casa principal, 4 casas de invitados y piscina privada en ubicaci\u00f3n privilegiada detr\u00e1s de Montenmedio Golf &amp; Country Club.\" \/>\n<meta property=\"og:url\" content=\"https:\/\/vejerproperties.com\/es\/property\/finca-el-soto-potencial-proyecto-turistico\/\" \/>\n<meta property=\"og:site_name\" content=\"De la Luz Properties\" \/>\n<meta property=\"article:modified_time\" content=\"2023-12-09T17:49:19+00:00\" \/>\n<meta property=\"og:image\" content=\"https:\/\/vejerproperties.com\/wp-content\/uploads\/2020\/02\/CIMG0905.jpg\" \/>\n\t<meta property=\"og:image:width\" content=\"1170\" \/>\n\t<meta property=\"og:image:height\" content=\"632\" \/>\n\t<meta property=\"og:image:type\" content=\"image\/jpeg\" \/>\n<meta name=\"twitter:card\" content=\"summary_large_image\" \/>\n<meta name=\"twitter:label1\" content=\"Tiempo de lectura\" \/>\n\t<meta name=\"twitter:data1\" content=\"4 minutos\" \/>\n<script type=\"application\/ld+json\" class=\"yoast-schema-graph\">{\"@context\":\"https:\\\/\\\/schema.org\",\"@graph\":[{\"@type\":\"WebPage\",\"@id\":\"https:\\\/\\\/vejerproperties.com\\\/es\\\/property\\\/finca-el-soto-potencial-proyecto-turistico\\\/\",\"url\":\"https:\\\/\\\/vejerproperties.com\\\/es\\\/property\\\/finca-el-soto-potencial-proyecto-turistico\\\/\",\"name\":\"Finca El Soto - Potencial proyecto tur\u00edstico - De la Luz Properties\",\"isPartOf\":{\"@id\":\"https:\\\/\\\/vejerproperties.com\\\/es\\\/#website\"},\"primaryImageOfPage\":{\"@id\":\"https:\\\/\\\/vejerproperties.com\\\/es\\\/property\\\/finca-el-soto-potencial-proyecto-turistico\\\/#primaryimage\"},\"image\":{\"@id\":\"https:\\\/\\\/vejerproperties.com\\\/es\\\/property\\\/finca-el-soto-potencial-proyecto-turistico\\\/#primaryimage\"},\"thumbnailUrl\":\"https:\\\/\\\/vejerproperties.com\\\/wp-content\\\/uploads\\\/2020\\\/02\\\/CIMG0905.jpg\",\"datePublished\":\"2023-10-23T11:29:27+00:00\",\"dateModified\":\"2023-12-09T17:49:19+00:00\",\"description\":\"Finca \u00fanica con espaciosa casa principal, 4 casas de invitados y piscina privada en ubicaci\u00f3n privilegiada detr\u00e1s de Montenmedio Golf & Country Club.\",\"breadcrumb\":{\"@id\":\"https:\\\/\\\/vejerproperties.com\\\/es\\\/property\\\/finca-el-soto-potencial-proyecto-turistico\\\/#breadcrumb\"},\"inLanguage\":\"es\",\"potentialAction\":[{\"@type\":\"ReadAction\",\"target\":[\"https:\\\/\\\/vejerproperties.com\\\/es\\\/property\\\/finca-el-soto-potencial-proyecto-turistico\\\/\"]}]},{\"@type\":\"ImageObject\",\"inLanguage\":\"es\",\"@id\":\"https:\\\/\\\/vejerproperties.com\\\/es\\\/property\\\/finca-el-soto-potencial-proyecto-turistico\\\/#primaryimage\",\"url\":\"https:\\\/\\\/vejerproperties.com\\\/wp-content\\\/uploads\\\/2020\\\/02\\\/CIMG0905.jpg\",\"contentUrl\":\"https:\\\/\\\/vejerproperties.com\\\/wp-content\\\/uploads\\\/2020\\\/02\\\/CIMG0905.jpg\",\"width\":1170,\"height\":632},{\"@type\":\"BreadcrumbList\",\"@id\":\"https:\\\/\\\/vejerproperties.com\\\/es\\\/property\\\/finca-el-soto-potencial-proyecto-turistico\\\/#breadcrumb\",\"itemListElement\":[{\"@type\":\"ListItem\",\"position\":1,\"name\":\"Home\",\"item\":\"https:\\\/\\\/vejerproperties.com\\\/es\\\/\"},{\"@type\":\"ListItem\",\"position\":2,\"name\":\"Propiedades\",\"item\":\"https:\\\/\\\/vejerproperties.com\\\/es\\\/property\\\/\"},{\"@type\":\"ListItem\",\"position\":3,\"name\":\"Finca El Soto &#8211; Potencial proyecto tur\u00edstico\"}]},{\"@type\":\"WebSite\",\"@id\":\"https:\\\/\\\/vejerproperties.com\\\/es\\\/#website\",\"url\":\"https:\\\/\\\/vejerproperties.com\\\/es\\\/\",\"name\":\"De la Luz Properties\",\"description\":\"Spanish Estate Agent\",\"publisher\":{\"@id\":\"https:\\\/\\\/vejerproperties.com\\\/es\\\/#organization\"},\"potentialAction\":[{\"@type\":\"SearchAction\",\"target\":{\"@type\":\"EntryPoint\",\"urlTemplate\":\"https:\\\/\\\/vejerproperties.com\\\/es\\\/?s={search_term_string}\"},\"query-input\":{\"@type\":\"PropertyValueSpecification\",\"valueRequired\":true,\"valueName\":\"search_term_string\"}}],\"inLanguage\":\"es\"},{\"@type\":\"Organization\",\"@id\":\"https:\\\/\\\/vejerproperties.com\\\/es\\\/#organization\",\"name\":\"De la Luz Properties\",\"url\":\"https:\\\/\\\/vejerproperties.com\\\/es\\\/\",\"logo\":{\"@type\":\"ImageObject\",\"inLanguage\":\"es\",\"@id\":\"https:\\\/\\\/vejerproperties.com\\\/es\\\/#\\\/schema\\\/logo\\\/image\\\/\",\"url\":\"https:\\\/\\\/vejerproperties.com\\\/wp-content\\\/uploads\\\/2018\\\/02\\\/de-la-luz-logo.png\",\"contentUrl\":\"https:\\\/\\\/vejerproperties.com\\\/wp-content\\\/uploads\\\/2018\\\/02\\\/de-la-luz-logo.png\",\"width\":181,\"height\":71,\"caption\":\"De la Luz Properties\"},\"image\":{\"@id\":\"https:\\\/\\\/vejerproperties.com\\\/es\\\/#\\\/schema\\\/logo\\\/image\\\/\"}}]}<\/script>\n<!-- \/ Yoast SEO plugin. -->","yoast_head_json":{"title":"Finca El Soto - Potencial proyecto tur\u00edstico - De la Luz Properties","description":"Finca \u00fanica con espaciosa casa principal, 4 casas de invitados y piscina privada en ubicaci\u00f3n privilegiada detr\u00e1s de Montenmedio Golf & Country Club.","robots":{"index":"index","follow":"follow","max-snippet":"max-snippet:-1","max-image-preview":"max-image-preview:large","max-video-preview":"max-video-preview:-1"},"canonical":"https:\/\/vejerproperties.com\/es\/property\/finca-el-soto-potencial-proyecto-turistico\/","og_locale":"es_ES","og_type":"article","og_title":"Finca El Soto - Potencial proyecto tur\u00edstico - De la Luz Properties","og_description":"Finca \u00fanica con espaciosa casa principal, 4 casas de invitados y piscina privada en ubicaci\u00f3n privilegiada detr\u00e1s de Montenmedio Golf & Country Club.","og_url":"https:\/\/vejerproperties.com\/es\/property\/finca-el-soto-potencial-proyecto-turistico\/","og_site_name":"De la Luz Properties","article_modified_time":"2023-12-09T17:49:19+00:00","og_image":[{"width":1170,"height":632,"url":"https:\/\/vejerproperties.com\/wp-content\/uploads\/2020\/02\/CIMG0905.jpg","type":"image\/jpeg"}],"twitter_card":"summary_large_image","twitter_misc":{"Tiempo de lectura":"4 minutos"},"schema":{"@context":"https:\/\/schema.org","@graph":[{"@type":"WebPage","@id":"https:\/\/vejerproperties.com\/es\/property\/finca-el-soto-potencial-proyecto-turistico\/","url":"https:\/\/vejerproperties.com\/es\/property\/finca-el-soto-potencial-proyecto-turistico\/","name":"Finca El Soto - Potencial proyecto tur\u00edstico - De la Luz Properties","isPartOf":{"@id":"https:\/\/vejerproperties.com\/es\/#website"},"primaryImageOfPage":{"@id":"https:\/\/vejerproperties.com\/es\/property\/finca-el-soto-potencial-proyecto-turistico\/#primaryimage"},"image":{"@id":"https:\/\/vejerproperties.com\/es\/property\/finca-el-soto-potencial-proyecto-turistico\/#primaryimage"},"thumbnailUrl":"https:\/\/vejerproperties.com\/wp-content\/uploads\/2020\/02\/CIMG0905.jpg","datePublished":"2023-10-23T11:29:27+00:00","dateModified":"2023-12-09T17:49:19+00:00","description":"Finca \u00fanica con espaciosa casa principal, 4 casas de invitados y piscina privada en ubicaci\u00f3n privilegiada detr\u00e1s de Montenmedio Golf & Country Club.","breadcrumb":{"@id":"https:\/\/vejerproperties.com\/es\/property\/finca-el-soto-potencial-proyecto-turistico\/#breadcrumb"},"inLanguage":"es","potentialAction":[{"@type":"ReadAction","target":["https:\/\/vejerproperties.com\/es\/property\/finca-el-soto-potencial-proyecto-turistico\/"]}]},{"@type":"ImageObject","inLanguage":"es","@id":"https:\/\/vejerproperties.com\/es\/property\/finca-el-soto-potencial-proyecto-turistico\/#primaryimage","url":"https:\/\/vejerproperties.com\/wp-content\/uploads\/2020\/02\/CIMG0905.jpg","contentUrl":"https:\/\/vejerproperties.com\/wp-content\/uploads\/2020\/02\/CIMG0905.jpg","width":1170,"height":632},{"@type":"BreadcrumbList","@id":"https:\/\/vejerproperties.com\/es\/property\/finca-el-soto-potencial-proyecto-turistico\/#breadcrumb","itemListElement":[{"@type":"ListItem","position":1,"name":"Home","item":"https:\/\/vejerproperties.com\/es\/"},{"@type":"ListItem","position":2,"name":"Propiedades","item":"https:\/\/vejerproperties.com\/es\/property\/"},{"@type":"ListItem","position":3,"name":"Finca El Soto &#8211; Potencial proyecto tur\u00edstico"}]},{"@type":"WebSite","@id":"https:\/\/vejerproperties.com\/es\/#website","url":"https:\/\/vejerproperties.com\/es\/","name":"De la Luz Properties","description":"Spanish Estate Agent","publisher":{"@id":"https:\/\/vejerproperties.com\/es\/#organization"},"potentialAction":[{"@type":"SearchAction","target":{"@type":"EntryPoint","urlTemplate":"https:\/\/vejerproperties.com\/es\/?s={search_term_string}"},"query-input":{"@type":"PropertyValueSpecification","valueRequired":true,"valueName":"search_term_string"}}],"inLanguage":"es"},{"@type":"Organization","@id":"https:\/\/vejerproperties.com\/es\/#organization","name":"De la Luz Properties","url":"https:\/\/vejerproperties.com\/es\/","logo":{"@type":"ImageObject","inLanguage":"es","@id":"https:\/\/vejerproperties.com\/es\/#\/schema\/logo\/image\/","url":"https:\/\/vejerproperties.com\/wp-content\/uploads\/2018\/02\/de-la-luz-logo.png","contentUrl":"https:\/\/vejerproperties.com\/wp-content\/uploads\/2018\/02\/de-la-luz-logo.png","width":181,"height":71,"caption":"De la Luz Properties"},"image":{"@id":"https:\/\/vejerproperties.com\/es\/#\/schema\/logo\/image\/"}}]}},"_links":{"self":[{"href":"https:\/\/vejerproperties.com\/es\/wp-json\/wp\/v2\/properties\/10858","targetHints":{"allow":["GET"]}}],"collection":[{"href":"https:\/\/vejerproperties.com\/es\/wp-json\/wp\/v2\/properties"}],"about":[{"href":"https:\/\/vejerproperties.com\/es\/wp-json\/wp\/v2\/types\/property"}],"author":[{"embeddable":true,"href":"https:\/\/vejerproperties.com\/es\/wp-json\/wp\/v2\/users\/2"}],"version-history":[{"count":1,"href":"https:\/\/vejerproperties.com\/es\/wp-json\/wp\/v2\/properties\/10858\/revisions"}],"predecessor-version":[{"id":11764,"href":"https:\/\/vejerproperties.com\/es\/wp-json\/wp\/v2\/properties\/10858\/revisions\/11764"}],"wp:featuredmedia":[{"embeddable":true,"href":"https:\/\/vejerproperties.com\/es\/wp-json\/wp\/v2\/media\/11743"}],"wp:attachment":[{"href":"https:\/\/vejerproperties.com\/es\/wp-json\/wp\/v2\/media?parent=10858"}],"wp:term":[{"taxonomy":"property_type","embeddable":true,"href":"https:\/\/vejerproperties.com\/es\/wp-json\/wp\/v2\/property_type?post=10858"},{"taxonomy":"property_status","embeddable":true,"href":"https:\/\/vejerproperties.com\/es\/wp-json\/wp\/v2\/property_status?post=10858"},{"taxonomy":"property_feature","embeddable":true,"href":"https:\/\/vejerproperties.com\/es\/wp-json\/wp\/v2\/property_feature?post=10858"},{"taxonomy":"property_label","embeddable":true,"href":"https:\/\/vejerproperties.com\/es\/wp-json\/wp\/v2\/property_label?post=10858"},{"taxonomy":"property_country","embeddable":true,"href":"https:\/\/vejerproperties.com\/es\/wp-json\/wp\/v2\/property_country?post=10858"},{"taxonomy":"property_state","embeddable":true,"href":"https:\/\/vejerproperties.com\/es\/wp-json\/wp\/v2\/property_state?post=10858"},{"taxonomy":"property_city","embeddable":true,"href":"https:\/\/vejerproperties.com\/es\/wp-json\/wp\/v2\/property_city?post=10858"},{"taxonomy":"property_area","embeddable":true,"href":"https:\/\/vejerproperties.com\/es\/wp-json\/wp\/v2\/property_area?post=10858"}],"curies":[{"name":"wp","href":"https:\/\/api.w.org\/{rel}","templated":true}]}}