{"id":9601,"date":"2023-06-11T17:02:58","date_gmt":"2023-06-11T16:02:58","guid":{"rendered":"https:\/\/vejerproperties.com\/property\/casa-alta-apartamento-moderno-2-personas\/"},"modified":"2023-12-13T19:14:30","modified_gmt":"2023-12-13T19:14:30","slug":"casa-alta-apartamento-moderno-2-personas","status":"publish","type":"property","link":"https:\/\/vejerproperties.com\/es\/property\/casa-alta-apartamento-moderno-2-personas\/","title":{"rendered":"Casa Alta \/ Apartamento moderno \/ 2 personas"},"content":{"rendered":"<p><strong>Casa Alta<\/strong> es un apartamento con sala de estar de planta abierta, cocina americana y barra de desayuno en el primer piso y dormitorio con cama doble y cuarto de ba\u00f1o con ducha a ras de suelo el segundo piso. Podr\u00e1 disfrutar de una terraza privada en la azotea con unas vistas impresionantes. Situado en el patio cerca de La Corredera y varios restaurantes maravillosos y cerca de la Plaza de Espa\u00f1a, una de las plazas m\u00e1s bonitas de Espa\u00f1a.<\/p>\n<p>La propiedad cuenta con una azotea con mesa, sillas y tumbonas para uso exclusivo de los hu\u00e9spedes. Tiene unas vistas de 360\u00b0 que incluyen Vejer, Medina Sidonia, los bellos paisajes y el mar y, en un d\u00eda despejado, Marruecos.<\/p>\n<p><strong>El espacio<\/strong><\/p>\n<ul>\n<li>1 habitaci\u00f3n<\/li>\n<li>1 cuarto de ba\u00f1o<\/li>\n<li>WiFi<\/li>\n<li>TV<\/li>\n<li>Placa el\u00e9ctrica<\/li>\n<li>Microonda<\/li>\n<li>Frigor\u00edfico<\/li>\n<li>Lavadora<\/li>\n<li>Plancha y tabla de planchar<\/li>\n<li>Toallas<\/li>\n<li>Ropa de cama<\/li>\n<li>Secador de pelo<\/li>\n<li>Radiador<\/li>\n<\/ul>\n<p><strong>Precios a partir de<\/strong><\/p>\n<ul>\n<li>60\u20ac \/ TEMPORADA BAJA \/ Marzo, Abril, Mayo<\/li>\n<li>70\u20ac \/ MEDIA TEMPORADA \/ Junio<\/li>\n<li>80\u20ac \/ TEMPORADA ALTA \/ Julio, Agosto<\/li>\n<li>70\u20ac \/ MEDIA TEMPORADA \/ Septiembre<\/li>\n<li>60\u20ac \/ TEMPORADA BAJA \/ Octubre, Noviembre,<span class=\"Apple-converted-space\"> Diciembre<\/span><\/li>\n<li>Tasa de limpieza 60\u20ac<\/li>\n<\/ul>\n<h5><\/h5>\n<p>Estamos registrados como Vivienda Turistica de Alojamiento Rural en la Junta de Andalucia. N\u00famero de c\u00f3digo: VTAR\/CA\/02539<\/p>\n<p>&nbsp;<\/p>\n<h5>Para m\u00e1s informaci\u00f3n y reservas, llame al (0034) 655 206 482 o env\u00ede un correo electr\u00f3nico <a href=\"mailto:info@vejerproperties.com\">a info@vejerproperties.com<\/a>.<\/h5>\n","protected":false},"excerpt":{"rendered":"<p>Casa Alta es un apartamento con sala de estar de planta abierta, cocina americana y barra de desayuno en el primer piso y dormitorio con cama doble y cuarto de ba\u00f1o con ducha a ras de suelo el segundo piso. Podr\u00e1 disfrutar de una terraza privada en la azotea con unas vistas impresionantes. Situado en [&hellip;]<\/p>\n","protected":false},"author":7,"featured_media":9604,"parent":0,"menu_order":0,"template":"","property_type":[236],"property_status":[182],"property_feature":[172,170,226],"property_label":[],"property_country":[213],"property_state":[220],"property_city":[177],"property_area":[174],"class_list":["post-9601","property","type-property","status-publish","has-post-thumbnail","hentry","property_type-apartamento","property_status-alquilar","property_feature-azotea","property_feature-centrico","property_feature-tv","property_country-spain-es","property_state-cadiz-es","property_city-vejer-de-la-frontera-es","property_area-casco-antiguo-vejer-de-la-frontera"],"property_meta":{"_thumbnail_id":["9604"],"fave_featured":["0"],"houzez_featured_listing_date":[""],"fave_property_images":["9391","9393","9397","9389","9390","9395","9396","9398","9399","9400","9394","9401","9392"],"_wpml_media_duplicate":["1"],"_wpml_media_featured":["1"],"fave_single_top_area":["global"],"fave_single_content_area":["global"],"houzez_geolocation_lat":["36.2539782"],"houzez_geolocation_long":["-5.9628991"],"_last_translation_edit_mode":["translation-editor"],"houzez_total_property_views":["542"],"houzez_views_by_date":["a:61:{s:10:\"01-06-2026\";i:1;s:10:\"01-08-2026\";i:2;s:10:\"01-09-2026\";i:1;s:10:\"01-10-2026\";i:1;s:10:\"01-11-2026\";i:1;s:10:\"01-13-2026\";i:1;s:10:\"01-14-2026\";i:1;s:10:\"01-15-2026\";i:1;s:10:\"01-16-2026\";i:1;s:10:\"01-18-2026\";i:2;s:10:\"01-20-2026\";i:2;s:10:\"01-25-2026\";i:1;s:10:\"01-28-2026\";i:1;s:10:\"01-30-2026\";i:1;s:10:\"01-31-2026\";i:1;s:10:\"02-01-2026\";i:1;s:10:\"02-02-2026\";i:1;s:10:\"02-03-2026\";i:1;s:10:\"02-04-2026\";i:1;s:10:\"02-06-2026\";i:1;s:10:\"02-07-2026\";i:1;s:10:\"02-08-2026\";i:1;s:10:\"02-09-2026\";i:2;s:10:\"02-10-2026\";i:2;s:10:\"02-12-2026\";i:1;s:10:\"02-13-2026\";i:1;s:10:\"02-15-2026\";i:1;s:10:\"02-17-2026\";i:1;s:10:\"02-18-2026\";i:1;s:10:\"02-19-2026\";i:1;s:10:\"02-20-2026\";i:1;s:10:\"02-21-2026\";i:1;s:10:\"02-27-2026\";i:2;s:10:\"03-03-2026\";i:1;s:10:\"03-05-2026\";i:1;s:10:\"03-09-2026\";i:1;s:10:\"03-11-2026\";i:1;s:10:\"03-14-2026\";i:1;s:10:\"03-16-2026\";i:1;s:10:\"03-17-2026\";i:1;s:10:\"03-18-2026\";i:2;s:10:\"03-20-2026\";i:1;s:10:\"03-22-2026\";i:1;s:10:\"03-25-2026\";i:1;s:10:\"03-27-2026\";i:1;s:10:\"03-30-2026\";i:1;s:10:\"03-31-2026\";i:1;s:10:\"04-02-2026\";i:1;s:10:\"04-04-2026\";i:1;s:10:\"04-05-2026\";i:1;s:10:\"04-07-2026\";i:1;s:10:\"04-10-2026\";i:1;s:10:\"04-14-2026\";i:1;s:10:\"04-17-2026\";i:1;s:10:\"04-18-2026\";i:1;s:10:\"04-20-2026\";i:1;s:10:\"04-21-2026\";i:1;s:10:\"04-22-2026\";i:1;s:10:\"04-23-2026\";i:2;s:10:\"04-24-2026\";i:1;s:10:\"04-29-2026\";i:1;}"],"houzez_recently_viewed":["2026-04-29 16:35:28"],"_yoast_wpseo_title":["%%title%% %%page%%"],"_yoast_wpseo_metadesc":["Casa Alta es un moderno apartamento con terraza privada en la azotea y vistas impresionantes, situado en el patio cerca de la animada calle y varios restaurantes maravillosos."],"_yoast_wpseo_focuskw":["apartamento moderno"],"fave_property_price":["60"],"fave_property_bedrooms":["1"],"fave_property_bathrooms":["1"],"fave_property_map":["1"],"fave_property_map_address":["9, Callej\u00f3n de la Villa, Vejer de la Frontera, Urbanizaci\u00f3n Alcazaba, Vejer de la Frontera, La Janda, C\u00e1diz, Andaluc\u00eda, 11150, Espa\u00f1a"],"fave_property_map_street_view":["hide"],"fave_property_address":["Callej\u00f3n de la Villa"],"fave_property_zip":["11150"],"fave_agent_display_option":["autor_info"],"fave_prop_homeslider":["no"],"fave_property_price_prefix":["Desde"],"fave_property_price_postfix":["por noche"],"fave_property_location":["36.2539782,-5.9628991,15"],"_elementor_page_assets":["a:0:{}"]},"yoast_head":"<!-- This site is optimized with the Yoast SEO plugin v27.5 - https:\/\/yoast.com\/product\/yoast-seo-wordpress\/ -->\n<title>Casa Alta \/ Apartamento moderno \/ 2 personas<\/title>\n<meta name=\"description\" content=\"Casa Alta es un moderno apartamento con terraza privada en la azotea y vistas impresionantes, situado en el patio cerca de la animada calle y varios restaurantes maravillosos.\" \/>\n<meta name=\"robots\" content=\"index, follow, max-snippet:-1, max-image-preview:large, max-video-preview:-1\" \/>\n<link rel=\"canonical\" href=\"https:\/\/vejerproperties.com\/es\/property\/casa-alta-apartamento-moderno-2-personas\/\" \/>\n<meta property=\"og:locale\" content=\"es_ES\" \/>\n<meta property=\"og:type\" content=\"article\" \/>\n<meta property=\"og:title\" content=\"Casa Alta \/ Apartamento moderno \/ 2 personas\" \/>\n<meta property=\"og:description\" content=\"Casa Alta es un moderno apartamento con terraza privada en la azotea y vistas impresionantes, situado en el patio cerca de la animada calle y varios restaurantes maravillosos.\" \/>\n<meta property=\"og:url\" content=\"https:\/\/vejerproperties.com\/es\/property\/casa-alta-apartamento-moderno-2-personas\/\" \/>\n<meta property=\"og:site_name\" content=\"De la Luz Properties\" \/>\n<meta property=\"article:modified_time\" content=\"2023-12-13T19:14:30+00:00\" \/>\n<meta property=\"og:image\" content=\"https:\/\/vejerproperties.com\/wp-content\/uploads\/2023\/05\/6dc56182-6682-46a5-b436-2818de33c558.jpg\" \/>\n\t<meta property=\"og:image:width\" content=\"1024\" \/>\n\t<meta property=\"og:image:height\" content=\"768\" \/>\n\t<meta property=\"og:image:type\" content=\"image\/jpeg\" \/>\n<meta name=\"twitter:card\" content=\"summary_large_image\" \/>\n<meta name=\"twitter:label1\" content=\"Tiempo de lectura\" \/>\n\t<meta name=\"twitter:data1\" content=\"1 minuto\" \/>\n<script type=\"application\/ld+json\" class=\"yoast-schema-graph\">{\"@context\":\"https:\\\/\\\/schema.org\",\"@graph\":[{\"@type\":\"WebPage\",\"@id\":\"https:\\\/\\\/vejerproperties.com\\\/es\\\/property\\\/casa-alta-apartamento-moderno-2-personas\\\/\",\"url\":\"https:\\\/\\\/vejerproperties.com\\\/es\\\/property\\\/casa-alta-apartamento-moderno-2-personas\\\/\",\"name\":\"Casa Alta \\\/ Apartamento moderno \\\/ 2 personas\",\"isPartOf\":{\"@id\":\"https:\\\/\\\/vejerproperties.com\\\/es\\\/#website\"},\"primaryImageOfPage\":{\"@id\":\"https:\\\/\\\/vejerproperties.com\\\/es\\\/property\\\/casa-alta-apartamento-moderno-2-personas\\\/#primaryimage\"},\"image\":{\"@id\":\"https:\\\/\\\/vejerproperties.com\\\/es\\\/property\\\/casa-alta-apartamento-moderno-2-personas\\\/#primaryimage\"},\"thumbnailUrl\":\"https:\\\/\\\/vejerproperties.com\\\/wp-content\\\/uploads\\\/2023\\\/05\\\/6dc56182-6682-46a5-b436-2818de33c558.jpg\",\"datePublished\":\"2023-06-11T16:02:58+00:00\",\"dateModified\":\"2023-12-13T19:14:30+00:00\",\"description\":\"Casa Alta es un moderno apartamento con terraza privada en la azotea y vistas impresionantes, situado en el patio cerca de la animada calle y varios restaurantes maravillosos.\",\"breadcrumb\":{\"@id\":\"https:\\\/\\\/vejerproperties.com\\\/es\\\/property\\\/casa-alta-apartamento-moderno-2-personas\\\/#breadcrumb\"},\"inLanguage\":\"es\",\"potentialAction\":[{\"@type\":\"ReadAction\",\"target\":[\"https:\\\/\\\/vejerproperties.com\\\/es\\\/property\\\/casa-alta-apartamento-moderno-2-personas\\\/\"]}]},{\"@type\":\"ImageObject\",\"inLanguage\":\"es\",\"@id\":\"https:\\\/\\\/vejerproperties.com\\\/es\\\/property\\\/casa-alta-apartamento-moderno-2-personas\\\/#primaryimage\",\"url\":\"https:\\\/\\\/vejerproperties.com\\\/wp-content\\\/uploads\\\/2023\\\/05\\\/6dc56182-6682-46a5-b436-2818de33c558.jpg\",\"contentUrl\":\"https:\\\/\\\/vejerproperties.com\\\/wp-content\\\/uploads\\\/2023\\\/05\\\/6dc56182-6682-46a5-b436-2818de33c558.jpg\",\"width\":1024,\"height\":768},{\"@type\":\"BreadcrumbList\",\"@id\":\"https:\\\/\\\/vejerproperties.com\\\/es\\\/property\\\/casa-alta-apartamento-moderno-2-personas\\\/#breadcrumb\",\"itemListElement\":[{\"@type\":\"ListItem\",\"position\":1,\"name\":\"Home\",\"item\":\"https:\\\/\\\/vejerproperties.com\\\/es\\\/\"},{\"@type\":\"ListItem\",\"position\":2,\"name\":\"Propiedades\",\"item\":\"https:\\\/\\\/vejerproperties.com\\\/es\\\/property\\\/\"},{\"@type\":\"ListItem\",\"position\":3,\"name\":\"Casa Alta \\\/ Apartamento moderno \\\/ 2 personas\"}]},{\"@type\":\"WebSite\",\"@id\":\"https:\\\/\\\/vejerproperties.com\\\/es\\\/#website\",\"url\":\"https:\\\/\\\/vejerproperties.com\\\/es\\\/\",\"name\":\"De la Luz Properties\",\"description\":\"Spanish Estate Agent\",\"publisher\":{\"@id\":\"https:\\\/\\\/vejerproperties.com\\\/es\\\/#organization\"},\"potentialAction\":[{\"@type\":\"SearchAction\",\"target\":{\"@type\":\"EntryPoint\",\"urlTemplate\":\"https:\\\/\\\/vejerproperties.com\\\/es\\\/?s={search_term_string}\"},\"query-input\":{\"@type\":\"PropertyValueSpecification\",\"valueRequired\":true,\"valueName\":\"search_term_string\"}}],\"inLanguage\":\"es\"},{\"@type\":\"Organization\",\"@id\":\"https:\\\/\\\/vejerproperties.com\\\/es\\\/#organization\",\"name\":\"De la Luz Properties\",\"url\":\"https:\\\/\\\/vejerproperties.com\\\/es\\\/\",\"logo\":{\"@type\":\"ImageObject\",\"inLanguage\":\"es\",\"@id\":\"https:\\\/\\\/vejerproperties.com\\\/es\\\/#\\\/schema\\\/logo\\\/image\\\/\",\"url\":\"https:\\\/\\\/vejerproperties.com\\\/wp-content\\\/uploads\\\/2018\\\/02\\\/de-la-luz-logo.png\",\"contentUrl\":\"https:\\\/\\\/vejerproperties.com\\\/wp-content\\\/uploads\\\/2018\\\/02\\\/de-la-luz-logo.png\",\"width\":181,\"height\":71,\"caption\":\"De la Luz Properties\"},\"image\":{\"@id\":\"https:\\\/\\\/vejerproperties.com\\\/es\\\/#\\\/schema\\\/logo\\\/image\\\/\"}}]}<\/script>\n<!-- \/ Yoast SEO plugin. -->","yoast_head_json":{"title":"Casa Alta \/ Apartamento moderno \/ 2 personas","description":"Casa Alta es un moderno apartamento con terraza privada en la azotea y vistas impresionantes, situado en el patio cerca de la animada calle y varios restaurantes maravillosos.","robots":{"index":"index","follow":"follow","max-snippet":"max-snippet:-1","max-image-preview":"max-image-preview:large","max-video-preview":"max-video-preview:-1"},"canonical":"https:\/\/vejerproperties.com\/es\/property\/casa-alta-apartamento-moderno-2-personas\/","og_locale":"es_ES","og_type":"article","og_title":"Casa Alta \/ Apartamento moderno \/ 2 personas","og_description":"Casa Alta es un moderno apartamento con terraza privada en la azotea y vistas impresionantes, situado en el patio cerca de la animada calle y varios restaurantes maravillosos.","og_url":"https:\/\/vejerproperties.com\/es\/property\/casa-alta-apartamento-moderno-2-personas\/","og_site_name":"De la Luz Properties","article_modified_time":"2023-12-13T19:14:30+00:00","og_image":[{"width":1024,"height":768,"url":"https:\/\/vejerproperties.com\/wp-content\/uploads\/2023\/05\/6dc56182-6682-46a5-b436-2818de33c558.jpg","type":"image\/jpeg"}],"twitter_card":"summary_large_image","twitter_misc":{"Tiempo de lectura":"1 minuto"},"schema":{"@context":"https:\/\/schema.org","@graph":[{"@type":"WebPage","@id":"https:\/\/vejerproperties.com\/es\/property\/casa-alta-apartamento-moderno-2-personas\/","url":"https:\/\/vejerproperties.com\/es\/property\/casa-alta-apartamento-moderno-2-personas\/","name":"Casa Alta \/ Apartamento moderno \/ 2 personas","isPartOf":{"@id":"https:\/\/vejerproperties.com\/es\/#website"},"primaryImageOfPage":{"@id":"https:\/\/vejerproperties.com\/es\/property\/casa-alta-apartamento-moderno-2-personas\/#primaryimage"},"image":{"@id":"https:\/\/vejerproperties.com\/es\/property\/casa-alta-apartamento-moderno-2-personas\/#primaryimage"},"thumbnailUrl":"https:\/\/vejerproperties.com\/wp-content\/uploads\/2023\/05\/6dc56182-6682-46a5-b436-2818de33c558.jpg","datePublished":"2023-06-11T16:02:58+00:00","dateModified":"2023-12-13T19:14:30+00:00","description":"Casa Alta es un moderno apartamento con terraza privada en la azotea y vistas impresionantes, situado en el patio cerca de la animada calle y varios restaurantes maravillosos.","breadcrumb":{"@id":"https:\/\/vejerproperties.com\/es\/property\/casa-alta-apartamento-moderno-2-personas\/#breadcrumb"},"inLanguage":"es","potentialAction":[{"@type":"ReadAction","target":["https:\/\/vejerproperties.com\/es\/property\/casa-alta-apartamento-moderno-2-personas\/"]}]},{"@type":"ImageObject","inLanguage":"es","@id":"https:\/\/vejerproperties.com\/es\/property\/casa-alta-apartamento-moderno-2-personas\/#primaryimage","url":"https:\/\/vejerproperties.com\/wp-content\/uploads\/2023\/05\/6dc56182-6682-46a5-b436-2818de33c558.jpg","contentUrl":"https:\/\/vejerproperties.com\/wp-content\/uploads\/2023\/05\/6dc56182-6682-46a5-b436-2818de33c558.jpg","width":1024,"height":768},{"@type":"BreadcrumbList","@id":"https:\/\/vejerproperties.com\/es\/property\/casa-alta-apartamento-moderno-2-personas\/#breadcrumb","itemListElement":[{"@type":"ListItem","position":1,"name":"Home","item":"https:\/\/vejerproperties.com\/es\/"},{"@type":"ListItem","position":2,"name":"Propiedades","item":"https:\/\/vejerproperties.com\/es\/property\/"},{"@type":"ListItem","position":3,"name":"Casa Alta \/ Apartamento moderno \/ 2 personas"}]},{"@type":"WebSite","@id":"https:\/\/vejerproperties.com\/es\/#website","url":"https:\/\/vejerproperties.com\/es\/","name":"De la Luz Properties","description":"Spanish Estate Agent","publisher":{"@id":"https:\/\/vejerproperties.com\/es\/#organization"},"potentialAction":[{"@type":"SearchAction","target":{"@type":"EntryPoint","urlTemplate":"https:\/\/vejerproperties.com\/es\/?s={search_term_string}"},"query-input":{"@type":"PropertyValueSpecification","valueRequired":true,"valueName":"search_term_string"}}],"inLanguage":"es"},{"@type":"Organization","@id":"https:\/\/vejerproperties.com\/es\/#organization","name":"De la Luz Properties","url":"https:\/\/vejerproperties.com\/es\/","logo":{"@type":"ImageObject","inLanguage":"es","@id":"https:\/\/vejerproperties.com\/es\/#\/schema\/logo\/image\/","url":"https:\/\/vejerproperties.com\/wp-content\/uploads\/2018\/02\/de-la-luz-logo.png","contentUrl":"https:\/\/vejerproperties.com\/wp-content\/uploads\/2018\/02\/de-la-luz-logo.png","width":181,"height":71,"caption":"De la Luz Properties"},"image":{"@id":"https:\/\/vejerproperties.com\/es\/#\/schema\/logo\/image\/"}}]}},"_links":{"self":[{"href":"https:\/\/vejerproperties.com\/es\/wp-json\/wp\/v2\/properties\/9601","targetHints":{"allow":["GET"]}}],"collection":[{"href":"https:\/\/vejerproperties.com\/es\/wp-json\/wp\/v2\/properties"}],"about":[{"href":"https:\/\/vejerproperties.com\/es\/wp-json\/wp\/v2\/types\/property"}],"author":[{"embeddable":true,"href":"https:\/\/vejerproperties.com\/es\/wp-json\/wp\/v2\/users\/7"}],"version-history":[{"count":1,"href":"https:\/\/vejerproperties.com\/es\/wp-json\/wp\/v2\/properties\/9601\/revisions"}],"predecessor-version":[{"id":11018,"href":"https:\/\/vejerproperties.com\/es\/wp-json\/wp\/v2\/properties\/9601\/revisions\/11018"}],"wp:featuredmedia":[{"embeddable":true,"href":"https:\/\/vejerproperties.com\/es\/wp-json\/wp\/v2\/media\/9604"}],"wp:attachment":[{"href":"https:\/\/vejerproperties.com\/es\/wp-json\/wp\/v2\/media?parent=9601"}],"wp:term":[{"taxonomy":"property_type","embeddable":true,"href":"https:\/\/vejerproperties.com\/es\/wp-json\/wp\/v2\/property_type?post=9601"},{"taxonomy":"property_status","embeddable":true,"href":"https:\/\/vejerproperties.com\/es\/wp-json\/wp\/v2\/property_status?post=9601"},{"taxonomy":"property_feature","embeddable":true,"href":"https:\/\/vejerproperties.com\/es\/wp-json\/wp\/v2\/property_feature?post=9601"},{"taxonomy":"property_label","embeddable":true,"href":"https:\/\/vejerproperties.com\/es\/wp-json\/wp\/v2\/property_label?post=9601"},{"taxonomy":"property_country","embeddable":true,"href":"https:\/\/vejerproperties.com\/es\/wp-json\/wp\/v2\/property_country?post=9601"},{"taxonomy":"property_state","embeddable":true,"href":"https:\/\/vejerproperties.com\/es\/wp-json\/wp\/v2\/property_state?post=9601"},{"taxonomy":"property_city","embeddable":true,"href":"https:\/\/vejerproperties.com\/es\/wp-json\/wp\/v2\/property_city?post=9601"},{"taxonomy":"property_area","embeddable":true,"href":"https:\/\/vejerproperties.com\/es\/wp-json\/wp\/v2\/property_area?post=9601"}],"curies":[{"name":"wp","href":"https:\/\/api.w.org\/{rel}","templated":true}]}}