{"id":9950,"date":"2023-07-02T17:28:04","date_gmt":"2023-07-02T16:28:04","guid":{"rendered":"https:\/\/vejerproperties.com\/property\/casa-maestros-casa-adosada-con-3-dormitorios-y-piscina-comunal\/"},"modified":"2024-10-11T10:50:17","modified_gmt":"2024-10-11T09:50:17","slug":"casa-maestros-casa-adosada-con-3-dormitorios-y-piscina-comunal","status":"publish","type":"property","link":"https:\/\/vejerproperties.com\/es\/property\/casa-maestros-casa-adosada-con-3-dormitorios-y-piscina-comunal\/","title":{"rendered":"Casa Maestros &#8211; Casa adosada con 3 dormitorios y piscina comunal"},"content":{"rendered":"<p>Situado en la urbanizaci\u00f3n La Noria en la parte nueva de Vejer, encontrar\u00e1 estas propiedades familiares bien mantenidas de aproximadamente 115 m2 construidos (100 m2 utilizados).<\/p>\n<p>La propiedad consta de 3 habitaciones dobles y dos ba\u00f1os. El ba\u00f1o de la planta baja tiene una ducha y el ba\u00f1o del primer piso tiene una ba\u00f1era.<\/p>\n<p>La propiedad tambi\u00e9n se beneficia del aparcamiento en la calle, un espacio de garaje subterr\u00e1neo y una escritura para la piscina comunitaria que generalmente abre de Junio a Septiembre de cada a\u00f1o.<\/p>\n<p>Desde la calle hay un patio espacioso y privado en la parte delantera de la casa que conduce a la sala de estar y comedor de planta abierta. Hay un ba\u00f1o en la planta baja con ducha y una cocina totalmente equipada. Desde la cocina se puede acceder al patio interno completo con almacenamiento \u00fatil.<\/p>\n<p>Fuera del sal\u00f3n-comedor encontrar\u00e1 un espacioso armario debajo de las escaleras y las escaleras conducen al alojamiento del primer piso.<\/p>\n<p>El primer piso consta de 3 habitaciones dobles, 1 con armarios empotrados y un ba\u00f1o familiar con ba\u00f1era. El dormitorio principal tiene un armario empotrado y un balc\u00f3n juliette con puertas correderas y vistas panor\u00e1micas al campo.<\/p>\n<p>Azotea con vistas.<\/p>\n<p><strong>La propiedad tambi\u00e9n incluye:<\/strong><\/p>\n<ul>\n<li>Ventiladores de techo<\/li>\n<li>Pre instalaci\u00f3n Aire Acondicionado<\/li>\n<li>Paneles de radiadores electricos<\/li>\n<li>Cilindro el\u00e9ctrico de agua caliente<\/li>\n<li>Calificaci\u00f3n energ\u00e9tica del certificado pendiente<\/li>\n<li>Muebles incluido<\/li>\n<\/ul>\n","protected":false},"excerpt":{"rendered":"<p>Situado en la urbanizaci\u00f3n La Noria en la parte nueva de Vejer, encontrar\u00e1 estas propiedades familiares bien mantenidas de aproximadamente 115 m2 construidos (100 m2 utilizados). La propiedad consta de 3 habitaciones dobles y dos ba\u00f1os. El ba\u00f1o de la planta baja tiene una ducha y el ba\u00f1o del primer piso tiene una ba\u00f1era. La [&hellip;]<\/p>\n","protected":false},"author":2,"featured_media":11931,"parent":0,"menu_order":0,"template":"","property_type":[167],"property_status":[258],"property_feature":[172,169,170,222,228],"property_label":[],"property_country":[213],"property_state":[220],"property_city":[177],"property_area":[254],"class_list":["post-9950","property","type-property","status-publish","has-post-thumbnail","hentry","property_type-casa-adosada","property_status-vendido","property_feature-azotea","property_feature-banda-ancha","property_feature-centrico","property_feature-jardin","property_feature-piscina","property_country-spain-es","property_state-cadiz-es","property_city-vejer-de-la-frontera-es","property_area-nuevo-pueblo"],"property_meta":{"_thumbnail_id":["11931"],"houzez_featured_listing_date":[""],"_wpml_media_duplicate":["1"],"_wpml_media_featured":["1"],"_top_nav_excluded":[""],"_cms_nav_minihome":[""],"houzez_geolocation_lat":["36.2462436"],"houzez_geolocation_long":["-5.9686186"],"houzez_total_property_views":["577"],"houzez_views_by_date":["a:61:{s:10:\"01-05-2026\";i:1;s:10:\"01-06-2026\";i:2;s:10:\"01-08-2026\";i:1;s:10:\"01-09-2026\";i:1;s:10:\"01-10-2026\";i:1;s:10:\"01-11-2026\";i:1;s:10:\"01-13-2026\";i:1;s:10:\"01-15-2026\";i:1;s:10:\"01-16-2026\";i:1;s:10:\"01-17-2026\";i:1;s:10:\"01-18-2026\";i:1;s:10:\"01-19-2026\";i:1;s:10:\"01-20-2026\";i:1;s:10:\"01-21-2026\";i:1;s:10:\"01-24-2026\";i:1;s:10:\"01-25-2026\";i:1;s:10:\"01-28-2026\";i:1;s:10:\"01-29-2026\";i:1;s:10:\"01-30-2026\";i:2;s:10:\"01-31-2026\";i:2;s:10:\"02-01-2026\";i:1;s:10:\"02-02-2026\";i:1;s:10:\"02-04-2026\";i:1;s:10:\"02-06-2026\";i:1;s:10:\"02-07-2026\";i:1;s:10:\"02-08-2026\";i:1;s:10:\"02-09-2026\";i:1;s:10:\"02-10-2026\";i:1;s:10:\"02-12-2026\";i:1;s:10:\"02-13-2026\";i:1;s:10:\"02-17-2026\";i:1;s:10:\"02-18-2026\";i:1;s:10:\"02-19-2026\";i:1;s:10:\"02-20-2026\";i:1;s:10:\"02-21-2026\";i:1;s:10:\"02-26-2026\";i:1;s:10:\"02-27-2026\";i:2;s:10:\"03-02-2026\";i:1;s:10:\"03-05-2026\";i:1;s:10:\"03-09-2026\";i:1;s:10:\"03-12-2026\";i:1;s:10:\"03-14-2026\";i:1;s:10:\"03-17-2026\";i:1;s:10:\"03-18-2026\";i:1;s:10:\"03-20-2026\";i:2;s:10:\"03-21-2026\";i:1;s:10:\"03-24-2026\";i:1;s:10:\"03-27-2026\";i:1;s:10:\"03-29-2026\";i:1;s:10:\"03-30-2026\";i:1;s:10:\"04-02-2026\";i:1;s:10:\"04-03-2026\";i:1;s:10:\"04-06-2026\";i:1;s:10:\"04-10-2026\";i:2;s:10:\"04-13-2026\";i:1;s:10:\"04-17-2026\";i:1;s:10:\"04-18-2026\";i:1;s:10:\"04-21-2026\";i:1;s:10:\"04-22-2026\";i:1;s:10:\"04-24-2026\";i:1;s:10:\"04-29-2026\";i:2;}"],"houzez_recently_viewed":["2026-04-29 13:16:05"],"_last_translation_edit_mode":["native-editor"],"_yoast_wpseo_metadesc":["Situado en la urbanizaci\u00f3n La Noria en la parte nueva de Vejer se encuentra esta propiedad familiar bien mantenida."],"_yoast_wpseo_focuskw":["casa de pueblo"],"fave_property_price":["165000"],"fave_property_size":["100"],"fave_property_size_prefix":["m2"],"fave_property_bedrooms":["3"],"fave_property_bathrooms":["2"],"fave_property_year":["2008"],"fave_property_id":["30"],"fave_property_map":["1"],"fave_property_map_address":["Calle Tierno Galvan, Vejer de la Frontera, Vejer de la Frontera, La Janda, C\u00e1diz, Andalusia, 11150, Spain"],"fave_property_map_street_view":["hide"],"fave_property_address":["Calle Tierno Galvan, Vejer de la Frontera, Vejer de la Frontera, La Janda, C\u00e1diz, Andalusia, 11150, Spain"],"fave_property_zip":["11150"],"fave_property_country":["es"],"fave_prop_homeslider":["no"],"fave_additional_features_enable":["disable"],"fave_floor_plans_enable":["disable"],"fave_property_location":["36.2462436,-5.9686186,0"],"_edit_lock":["1728640079:2"],"_edit_last":["2"],"fave_show_price_placeholder":["0"],"fave_property_images":["6274","6239","6267","6270","6258","6277","6280"],"_wpml_media_has_media":["1"],"_monsterinsights_sitenote_active":["0"],"houzez_manual_expire":["0"],"_houzez_expiration_date_status":["saved"],"fave_featured":["0"],"fave_single_top_area":["global"],"fave_single_content_area":["global"],"_yoast_wpseo_primary_property_type":[""],"_yoast_wpseo_primary_property_status":[""],"_yoast_wpseo_primary_property_feature":[""],"_yoast_wpseo_primary_property_label":[""],"_yoast_wpseo_primary_property_country":[""],"_yoast_wpseo_primary_property_state":[""],"_yoast_wpseo_primary_property_city":[""],"_yoast_wpseo_primary_property_area":[""],"_yoast_wpseo_linkdex":["42"],"_yoast_wpseo_content_score":["90"],"_yoast_wpseo_estimated-reading-time-minutes":["2"],"_elementor_page_assets":["a:0:{}"]},"yoast_head":"<!-- This site is optimized with the Yoast SEO plugin v27.5 - https:\/\/yoast.com\/product\/yoast-seo-wordpress\/ -->\n<title>Casa Maestros - Casa adosada con 3 dormitorios y piscina comunal - De la Luz Properties<\/title>\n<meta name=\"description\" content=\"Situado en la urbanizaci\u00f3n La Noria en la parte nueva de Vejer se encuentra esta propiedad familiar bien mantenida.\" \/>\n<meta name=\"robots\" content=\"index, follow, max-snippet:-1, max-image-preview:large, max-video-preview:-1\" \/>\n<link rel=\"canonical\" href=\"https:\/\/vejerproperties.com\/es\/property\/casa-maestros-casa-adosada-con-3-dormitorios-y-piscina-comunal\/\" \/>\n<meta property=\"og:locale\" content=\"es_ES\" \/>\n<meta property=\"og:type\" content=\"article\" \/>\n<meta property=\"og:title\" content=\"Casa Maestros - Casa adosada con 3 dormitorios y piscina comunal - De la Luz Properties\" \/>\n<meta property=\"og:description\" content=\"Situado en la urbanizaci\u00f3n La Noria en la parte nueva de Vejer se encuentra esta propiedad familiar bien mantenida.\" \/>\n<meta property=\"og:url\" content=\"https:\/\/vejerproperties.com\/es\/property\/casa-maestros-casa-adosada-con-3-dormitorios-y-piscina-comunal\/\" \/>\n<meta property=\"og:site_name\" content=\"De la Luz Properties\" \/>\n<meta property=\"article:modified_time\" content=\"2024-10-11T09:50:17+00:00\" \/>\n<meta property=\"og:image\" content=\"https:\/\/vejerproperties.com\/wp-content\/uploads\/2021\/06\/P1010310.jpg\" \/>\n\t<meta property=\"og:image:width\" content=\"1920\" \/>\n\t<meta property=\"og:image:height\" content=\"1442\" \/>\n\t<meta property=\"og:image:type\" content=\"image\/jpeg\" \/>\n<meta name=\"twitter:card\" content=\"summary_large_image\" \/>\n<meta name=\"twitter:label1\" content=\"Tiempo de lectura\" \/>\n\t<meta name=\"twitter:data1\" content=\"2 minutos\" \/>\n<script type=\"application\/ld+json\" class=\"yoast-schema-graph\">{\"@context\":\"https:\\\/\\\/schema.org\",\"@graph\":[{\"@type\":\"WebPage\",\"@id\":\"https:\\\/\\\/vejerproperties.com\\\/es\\\/property\\\/casa-maestros-casa-adosada-con-3-dormitorios-y-piscina-comunal\\\/\",\"url\":\"https:\\\/\\\/vejerproperties.com\\\/es\\\/property\\\/casa-maestros-casa-adosada-con-3-dormitorios-y-piscina-comunal\\\/\",\"name\":\"Casa Maestros - Casa adosada con 3 dormitorios y piscina comunal - De la Luz Properties\",\"isPartOf\":{\"@id\":\"https:\\\/\\\/vejerproperties.com\\\/es\\\/#website\"},\"primaryImageOfPage\":{\"@id\":\"https:\\\/\\\/vejerproperties.com\\\/es\\\/property\\\/casa-maestros-casa-adosada-con-3-dormitorios-y-piscina-comunal\\\/#primaryimage\"},\"image\":{\"@id\":\"https:\\\/\\\/vejerproperties.com\\\/es\\\/property\\\/casa-maestros-casa-adosada-con-3-dormitorios-y-piscina-comunal\\\/#primaryimage\"},\"thumbnailUrl\":\"https:\\\/\\\/vejerproperties.com\\\/wp-content\\\/uploads\\\/2021\\\/06\\\/P1010310.jpg\",\"datePublished\":\"2023-07-02T16:28:04+00:00\",\"dateModified\":\"2024-10-11T09:50:17+00:00\",\"description\":\"Situado en la urbanizaci\u00f3n La Noria en la parte nueva de Vejer se encuentra esta propiedad familiar bien mantenida.\",\"breadcrumb\":{\"@id\":\"https:\\\/\\\/vejerproperties.com\\\/es\\\/property\\\/casa-maestros-casa-adosada-con-3-dormitorios-y-piscina-comunal\\\/#breadcrumb\"},\"inLanguage\":\"es\",\"potentialAction\":[{\"@type\":\"ReadAction\",\"target\":[\"https:\\\/\\\/vejerproperties.com\\\/es\\\/property\\\/casa-maestros-casa-adosada-con-3-dormitorios-y-piscina-comunal\\\/\"]}]},{\"@type\":\"ImageObject\",\"inLanguage\":\"es\",\"@id\":\"https:\\\/\\\/vejerproperties.com\\\/es\\\/property\\\/casa-maestros-casa-adosada-con-3-dormitorios-y-piscina-comunal\\\/#primaryimage\",\"url\":\"https:\\\/\\\/vejerproperties.com\\\/wp-content\\\/uploads\\\/2021\\\/06\\\/P1010310.jpg\",\"contentUrl\":\"https:\\\/\\\/vejerproperties.com\\\/wp-content\\\/uploads\\\/2021\\\/06\\\/P1010310.jpg\",\"width\":1920,\"height\":1442},{\"@type\":\"BreadcrumbList\",\"@id\":\"https:\\\/\\\/vejerproperties.com\\\/es\\\/property\\\/casa-maestros-casa-adosada-con-3-dormitorios-y-piscina-comunal\\\/#breadcrumb\",\"itemListElement\":[{\"@type\":\"ListItem\",\"position\":1,\"name\":\"Home\",\"item\":\"https:\\\/\\\/vejerproperties.com\\\/es\\\/\"},{\"@type\":\"ListItem\",\"position\":2,\"name\":\"Propiedades\",\"item\":\"https:\\\/\\\/vejerproperties.com\\\/es\\\/property\\\/\"},{\"@type\":\"ListItem\",\"position\":3,\"name\":\"Casa Maestros &#8211; Casa adosada con 3 dormitorios y piscina comunal\"}]},{\"@type\":\"WebSite\",\"@id\":\"https:\\\/\\\/vejerproperties.com\\\/es\\\/#website\",\"url\":\"https:\\\/\\\/vejerproperties.com\\\/es\\\/\",\"name\":\"De la Luz Properties\",\"description\":\"Spanish Estate Agent\",\"publisher\":{\"@id\":\"https:\\\/\\\/vejerproperties.com\\\/es\\\/#organization\"},\"potentialAction\":[{\"@type\":\"SearchAction\",\"target\":{\"@type\":\"EntryPoint\",\"urlTemplate\":\"https:\\\/\\\/vejerproperties.com\\\/es\\\/?s={search_term_string}\"},\"query-input\":{\"@type\":\"PropertyValueSpecification\",\"valueRequired\":true,\"valueName\":\"search_term_string\"}}],\"inLanguage\":\"es\"},{\"@type\":\"Organization\",\"@id\":\"https:\\\/\\\/vejerproperties.com\\\/es\\\/#organization\",\"name\":\"De la Luz Properties\",\"url\":\"https:\\\/\\\/vejerproperties.com\\\/es\\\/\",\"logo\":{\"@type\":\"ImageObject\",\"inLanguage\":\"es\",\"@id\":\"https:\\\/\\\/vejerproperties.com\\\/es\\\/#\\\/schema\\\/logo\\\/image\\\/\",\"url\":\"https:\\\/\\\/vejerproperties.com\\\/wp-content\\\/uploads\\\/2018\\\/02\\\/de-la-luz-logo.png\",\"contentUrl\":\"https:\\\/\\\/vejerproperties.com\\\/wp-content\\\/uploads\\\/2018\\\/02\\\/de-la-luz-logo.png\",\"width\":181,\"height\":71,\"caption\":\"De la Luz Properties\"},\"image\":{\"@id\":\"https:\\\/\\\/vejerproperties.com\\\/es\\\/#\\\/schema\\\/logo\\\/image\\\/\"}}]}<\/script>\n<!-- \/ Yoast SEO plugin. -->","yoast_head_json":{"title":"Casa Maestros - Casa adosada con 3 dormitorios y piscina comunal - De la Luz Properties","description":"Situado en la urbanizaci\u00f3n La Noria en la parte nueva de Vejer se encuentra esta propiedad familiar bien mantenida.","robots":{"index":"index","follow":"follow","max-snippet":"max-snippet:-1","max-image-preview":"max-image-preview:large","max-video-preview":"max-video-preview:-1"},"canonical":"https:\/\/vejerproperties.com\/es\/property\/casa-maestros-casa-adosada-con-3-dormitorios-y-piscina-comunal\/","og_locale":"es_ES","og_type":"article","og_title":"Casa Maestros - Casa adosada con 3 dormitorios y piscina comunal - De la Luz Properties","og_description":"Situado en la urbanizaci\u00f3n La Noria en la parte nueva de Vejer se encuentra esta propiedad familiar bien mantenida.","og_url":"https:\/\/vejerproperties.com\/es\/property\/casa-maestros-casa-adosada-con-3-dormitorios-y-piscina-comunal\/","og_site_name":"De la Luz Properties","article_modified_time":"2024-10-11T09:50:17+00:00","og_image":[{"width":1920,"height":1442,"url":"https:\/\/vejerproperties.com\/wp-content\/uploads\/2021\/06\/P1010310.jpg","type":"image\/jpeg"}],"twitter_card":"summary_large_image","twitter_misc":{"Tiempo de lectura":"2 minutos"},"schema":{"@context":"https:\/\/schema.org","@graph":[{"@type":"WebPage","@id":"https:\/\/vejerproperties.com\/es\/property\/casa-maestros-casa-adosada-con-3-dormitorios-y-piscina-comunal\/","url":"https:\/\/vejerproperties.com\/es\/property\/casa-maestros-casa-adosada-con-3-dormitorios-y-piscina-comunal\/","name":"Casa Maestros - Casa adosada con 3 dormitorios y piscina comunal - De la Luz Properties","isPartOf":{"@id":"https:\/\/vejerproperties.com\/es\/#website"},"primaryImageOfPage":{"@id":"https:\/\/vejerproperties.com\/es\/property\/casa-maestros-casa-adosada-con-3-dormitorios-y-piscina-comunal\/#primaryimage"},"image":{"@id":"https:\/\/vejerproperties.com\/es\/property\/casa-maestros-casa-adosada-con-3-dormitorios-y-piscina-comunal\/#primaryimage"},"thumbnailUrl":"https:\/\/vejerproperties.com\/wp-content\/uploads\/2021\/06\/P1010310.jpg","datePublished":"2023-07-02T16:28:04+00:00","dateModified":"2024-10-11T09:50:17+00:00","description":"Situado en la urbanizaci\u00f3n La Noria en la parte nueva de Vejer se encuentra esta propiedad familiar bien mantenida.","breadcrumb":{"@id":"https:\/\/vejerproperties.com\/es\/property\/casa-maestros-casa-adosada-con-3-dormitorios-y-piscina-comunal\/#breadcrumb"},"inLanguage":"es","potentialAction":[{"@type":"ReadAction","target":["https:\/\/vejerproperties.com\/es\/property\/casa-maestros-casa-adosada-con-3-dormitorios-y-piscina-comunal\/"]}]},{"@type":"ImageObject","inLanguage":"es","@id":"https:\/\/vejerproperties.com\/es\/property\/casa-maestros-casa-adosada-con-3-dormitorios-y-piscina-comunal\/#primaryimage","url":"https:\/\/vejerproperties.com\/wp-content\/uploads\/2021\/06\/P1010310.jpg","contentUrl":"https:\/\/vejerproperties.com\/wp-content\/uploads\/2021\/06\/P1010310.jpg","width":1920,"height":1442},{"@type":"BreadcrumbList","@id":"https:\/\/vejerproperties.com\/es\/property\/casa-maestros-casa-adosada-con-3-dormitorios-y-piscina-comunal\/#breadcrumb","itemListElement":[{"@type":"ListItem","position":1,"name":"Home","item":"https:\/\/vejerproperties.com\/es\/"},{"@type":"ListItem","position":2,"name":"Propiedades","item":"https:\/\/vejerproperties.com\/es\/property\/"},{"@type":"ListItem","position":3,"name":"Casa Maestros &#8211; Casa adosada con 3 dormitorios y piscina comunal"}]},{"@type":"WebSite","@id":"https:\/\/vejerproperties.com\/es\/#website","url":"https:\/\/vejerproperties.com\/es\/","name":"De la Luz Properties","description":"Spanish Estate Agent","publisher":{"@id":"https:\/\/vejerproperties.com\/es\/#organization"},"potentialAction":[{"@type":"SearchAction","target":{"@type":"EntryPoint","urlTemplate":"https:\/\/vejerproperties.com\/es\/?s={search_term_string}"},"query-input":{"@type":"PropertyValueSpecification","valueRequired":true,"valueName":"search_term_string"}}],"inLanguage":"es"},{"@type":"Organization","@id":"https:\/\/vejerproperties.com\/es\/#organization","name":"De la Luz Properties","url":"https:\/\/vejerproperties.com\/es\/","logo":{"@type":"ImageObject","inLanguage":"es","@id":"https:\/\/vejerproperties.com\/es\/#\/schema\/logo\/image\/","url":"https:\/\/vejerproperties.com\/wp-content\/uploads\/2018\/02\/de-la-luz-logo.png","contentUrl":"https:\/\/vejerproperties.com\/wp-content\/uploads\/2018\/02\/de-la-luz-logo.png","width":181,"height":71,"caption":"De la Luz Properties"},"image":{"@id":"https:\/\/vejerproperties.com\/es\/#\/schema\/logo\/image\/"}}]}},"_links":{"self":[{"href":"https:\/\/vejerproperties.com\/es\/wp-json\/wp\/v2\/properties\/9950","targetHints":{"allow":["GET"]}}],"collection":[{"href":"https:\/\/vejerproperties.com\/es\/wp-json\/wp\/v2\/properties"}],"about":[{"href":"https:\/\/vejerproperties.com\/es\/wp-json\/wp\/v2\/types\/property"}],"author":[{"embeddable":true,"href":"https:\/\/vejerproperties.com\/es\/wp-json\/wp\/v2\/users\/2"}],"version-history":[{"count":1,"href":"https:\/\/vejerproperties.com\/es\/wp-json\/wp\/v2\/properties\/9950\/revisions"}],"predecessor-version":[{"id":11962,"href":"https:\/\/vejerproperties.com\/es\/wp-json\/wp\/v2\/properties\/9950\/revisions\/11962"}],"wp:featuredmedia":[{"embeddable":true,"href":"https:\/\/vejerproperties.com\/es\/wp-json\/wp\/v2\/media\/11931"}],"wp:attachment":[{"href":"https:\/\/vejerproperties.com\/es\/wp-json\/wp\/v2\/media?parent=9950"}],"wp:term":[{"taxonomy":"property_type","embeddable":true,"href":"https:\/\/vejerproperties.com\/es\/wp-json\/wp\/v2\/property_type?post=9950"},{"taxonomy":"property_status","embeddable":true,"href":"https:\/\/vejerproperties.com\/es\/wp-json\/wp\/v2\/property_status?post=9950"},{"taxonomy":"property_feature","embeddable":true,"href":"https:\/\/vejerproperties.com\/es\/wp-json\/wp\/v2\/property_feature?post=9950"},{"taxonomy":"property_label","embeddable":true,"href":"https:\/\/vejerproperties.com\/es\/wp-json\/wp\/v2\/property_label?post=9950"},{"taxonomy":"property_country","embeddable":true,"href":"https:\/\/vejerproperties.com\/es\/wp-json\/wp\/v2\/property_country?post=9950"},{"taxonomy":"property_state","embeddable":true,"href":"https:\/\/vejerproperties.com\/es\/wp-json\/wp\/v2\/property_state?post=9950"},{"taxonomy":"property_city","embeddable":true,"href":"https:\/\/vejerproperties.com\/es\/wp-json\/wp\/v2\/property_city?post=9950"},{"taxonomy":"property_area","embeddable":true,"href":"https:\/\/vejerproperties.com\/es\/wp-json\/wp\/v2\/property_area?post=9950"}],"curies":[{"name":"wp","href":"https:\/\/api.w.org\/{rel}","templated":true}]}}